{"id":281,"date":"2024-08-05T13:15:06","date_gmt":"2024-08-05T12:15:06","guid":{"rendered":"https:\/\/www.m2-builders.com\/meet-the-team\/"},"modified":"2025-11-03T17:16:30","modified_gmt":"2025-11-03T17:16:30","slug":"nuestro-equipo","status":"publish","type":"page","link":"https:\/\/www.m2builders.com\/es\/nuestro-equipo\/","title":{"rendered":"Nuestro Equipo"},"content":{"rendered":"\t\t<div data-elementor-type=\"wp-page\" data-elementor-id=\"281\" class=\"elementor elementor-281 elementor-14\" data-elementor-post-type=\"page\">\n\t\t\t\t<div class=\"elementor-element elementor-element-0bacea0 e-flex e-con-boxed e-con e-parent\" data-id=\"0bacea0\" data-element_type=\"container\" data-e-type=\"container\" data-settings=\"{&quot;background_background&quot;:&quot;classic&quot;}\">\n\t\t\t\t\t<div class=\"e-con-inner\">\n\t\t\t\t<div class=\"elementor-element elementor-element-047a190 elementor-widget__width-initial elementor-invisible elementor-widget elementor-widget-heading\" data-id=\"047a190\" data-element_type=\"widget\" data-e-type=\"widget\" data-settings=\"{&quot;_animation&quot;:&quot;fadeInUp&quot;}\" data-widget_type=\"heading.default\">\n\t\t\t\t<div class=\"elementor-widget-container\">\n\t\t\t\t\t<h2 class=\"elementor-heading-title elementor-size-default\">NUESTRO EQUIPO<\/h2>\t\t\t\t<\/div>\n\t\t\t\t<\/div>\n\t\t<div class=\"elementor-element elementor-element-f27e19b e-con-full e-flex e-con e-child\" data-id=\"f27e19b\" data-element_type=\"container\" data-e-type=\"container\">\n\t\t<div class=\"elementor-element elementor-element-7832eca e-con-full animated-slow e-flex elementor-invisible e-con e-child\" data-id=\"7832eca\" data-element_type=\"container\" data-e-type=\"container\" data-settings=\"{&quot;background_background&quot;:&quot;classic&quot;,&quot;animation&quot;:&quot;slideInLeft&quot;}\">\n\t\t\t\t<div class=\"elementor-element elementor-element-6560318 elementor-widget elementor-widget-image\" data-id=\"6560318\" data-element_type=\"widget\" data-e-type=\"widget\" data-widget_type=\"image.default\">\n\t\t\t\t<div class=\"elementor-widget-container\">\n\t\t\t\t\t\t\t\t\t\t\t\t\t\t\t<img decoding=\"async\" width=\"150\" height=\"175\" src=\"https:\/\/www.m2builders.com\/wp-content\/uploads\/2024\/08\/Eddie_Z.jpg\" class=\"attachment-full size-full wp-image-248\" alt=\"Eddy Zajontz - Chairman of the Board &amp; Owner\" \/>\t\t\t\t\t\t\t\t\t\t\t\t\t\t\t<\/div>\n\t\t\t\t<\/div>\n\t\t\t\t<div class=\"elementor-element elementor-element-4f31e1d elementor-widget elementor-widget-heading\" data-id=\"4f31e1d\" data-element_type=\"widget\" data-e-type=\"widget\" data-widget_type=\"heading.default\">\n\t\t\t\t<div class=\"elementor-widget-container\">\n\t\t\t\t\t<h2 class=\"elementor-heading-title elementor-size-default\">Eddy Zajontz\n<\/h2>\t\t\t\t<\/div>\n\t\t\t\t<\/div>\n\t\t\t\t<div class=\"elementor-element elementor-element-9ae7c27 elementor-widget elementor-widget-heading\" data-id=\"9ae7c27\" data-element_type=\"widget\" data-e-type=\"widget\" data-widget_type=\"heading.default\">\n\t\t\t\t<div class=\"elementor-widget-container\">\n\t\t\t\t\t<h2 class=\"elementor-heading-title elementor-size-default\">Chairman of the Board &amp; Owner\n\n<\/h2>\t\t\t\t<\/div>\n\t\t\t\t<\/div>\n\t\t\t\t<div class=\"elementor-element elementor-element-456dab5 elementor-widget elementor-widget-text-editor\" data-id=\"456dab5\" data-element_type=\"widget\" data-e-type=\"widget\" data-widget_type=\"text-editor.default\">\n\t\t\t\t<div class=\"elementor-widget-container\">\n\t\t\t\t\t\t\t\t\t<p>Eddy es dan\u00e9s pero con ra\u00edces alemanas. Se traslad\u00f3 a la Costa del Sol en 1989, donde ha sido propietario y administrador de varias empresas de \u00e9xito. Es ingeniero de profesi\u00f3n y desde 1972 ha sido responsable de muchos proyectos de construcci\u00f3n. Trabaja en el sector inmobiliario desde 1997. <\/p>\t\t\t\t\t\t\t\t<\/div>\n\t\t\t\t<\/div>\n\t\t\t\t<div class=\"elementor-element elementor-element-8ab348d elementor-widget elementor-widget-spacer\" data-id=\"8ab348d\" data-element_type=\"widget\" data-e-type=\"widget\" data-widget_type=\"spacer.default\">\n\t\t\t\t<div class=\"elementor-widget-container\">\n\t\t\t\t\t\t\t<div class=\"elementor-spacer\">\n\t\t\t<div class=\"elementor-spacer-inner\"><\/div>\n\t\t<\/div>\n\t\t\t\t\t\t<\/div>\n\t\t\t\t<\/div>\n\t\t\t\t<\/div>\n\t\t<div class=\"elementor-element elementor-element-7e9bc46 e-con-full animated-slow e-flex elementor-invisible e-con e-child\" data-id=\"7e9bc46\" data-element_type=\"container\" data-e-type=\"container\" data-settings=\"{&quot;background_background&quot;:&quot;classic&quot;,&quot;animation&quot;:&quot;slideInLeft&quot;}\">\n\t\t\t\t<div class=\"elementor-element elementor-element-7c9f4ba elementor-widget elementor-widget-image\" data-id=\"7c9f4ba\" data-element_type=\"widget\" data-e-type=\"widget\" data-widget_type=\"image.default\">\n\t\t\t\t<div class=\"elementor-widget-container\">\n\t\t\t\t\t\t\t\t\t\t\t\t\t\t\t<img fetchpriority=\"high\" decoding=\"async\" width=\"807\" height=\"782\" src=\"https:\/\/www.m2builders.com\/wp-content\/uploads\/2024\/09\/IMG_8690-1.jpg\" class=\"attachment-full size-full wp-image-740\" alt=\"\" srcset=\"https:\/\/www.m2builders.com\/wp-content\/uploads\/2024\/09\/IMG_8690-1.jpg 807w, https:\/\/www.m2builders.com\/wp-content\/uploads\/2024\/09\/IMG_8690-1-300x291.jpg 300w, https:\/\/www.m2builders.com\/wp-content\/uploads\/2024\/09\/IMG_8690-1-768x744.jpg 768w\" sizes=\"(max-width: 807px) 100vw, 807px\" \/>\t\t\t\t\t\t\t\t\t\t\t\t\t\t\t<\/div>\n\t\t\t\t<\/div>\n\t\t\t\t<div class=\"elementor-element elementor-element-0591829 elementor-widget elementor-widget-heading\" data-id=\"0591829\" data-element_type=\"widget\" data-e-type=\"widget\" data-widget_type=\"heading.default\">\n\t\t\t\t<div class=\"elementor-widget-container\">\n\t\t\t\t\t<h2 class=\"elementor-heading-title elementor-size-default\">Thomas With\n<\/h2>\t\t\t\t<\/div>\n\t\t\t\t<\/div>\n\t\t\t\t<div class=\"elementor-element elementor-element-6dbfa2d elementor-widget elementor-widget-heading\" data-id=\"6dbfa2d\" data-element_type=\"widget\" data-e-type=\"widget\" data-widget_type=\"heading.default\">\n\t\t\t\t<div class=\"elementor-widget-container\">\n\t\t\t\t\t<h2 class=\"elementor-heading-title elementor-size-default\">Director &amp; Owner\n\n<\/h2>\t\t\t\t<\/div>\n\t\t\t\t<\/div>\n\t\t\t\t<div class=\"elementor-element elementor-element-5a87440 elementor-widget elementor-widget-text-editor\" data-id=\"5a87440\" data-element_type=\"widget\" data-e-type=\"widget\" data-widget_type=\"text-editor.default\">\n\t\t\t\t<div class=\"elementor-widget-container\">\n\t\t\t\t\t\t\t\t\t<p>Thomas tiene una amplia experiencia y conocimientos en ventas y marketing en el sector inmobiliario en la Costa del Sol. Dej\u00f3 su hogar en Dinamarca para trasladarse al sur de Espa\u00f1a en 1991 y comenz\u00f3 su carrera en el sector inmobiliario, en el que ha estado activo desde entonces. Su conocimiento del mercado entre M\u00e1laga y Sotogrande es insuperable. <\/p>\t\t\t\t\t\t\t\t<\/div>\n\t\t\t\t<\/div>\n\t\t\t\t<div class=\"elementor-element elementor-element-5fabc9d elementor-widget elementor-widget-spacer\" data-id=\"5fabc9d\" data-element_type=\"widget\" data-e-type=\"widget\" data-widget_type=\"spacer.default\">\n\t\t\t\t<div class=\"elementor-widget-container\">\n\t\t\t\t\t\t\t<div class=\"elementor-spacer\">\n\t\t\t<div class=\"elementor-spacer-inner\"><\/div>\n\t\t<\/div>\n\t\t\t\t\t\t<\/div>\n\t\t\t\t<\/div>\n\t\t\t\t<\/div>\n\t\t<div class=\"elementor-element elementor-element-180f95a e-con-full animated-slow e-flex elementor-invisible e-con e-child\" data-id=\"180f95a\" data-element_type=\"container\" data-e-type=\"container\" data-settings=\"{&quot;background_background&quot;:&quot;classic&quot;,&quot;animation&quot;:&quot;slideInLeft&quot;}\">\n\t\t\t\t<div class=\"elementor-element elementor-element-9c34cfe elementor-widget elementor-widget-image\" data-id=\"9c34cfe\" data-element_type=\"widget\" data-e-type=\"widget\" data-widget_type=\"image.default\">\n\t\t\t\t<div class=\"elementor-widget-container\">\n\t\t\t\t\t\t\t\t\t\t\t\t\t\t\t<img decoding=\"async\" width=\"150\" height=\"175\" src=\"https:\/\/www.m2builders.com\/wp-content\/uploads\/2024\/08\/Path-184-1.jpg\" class=\"attachment-full size-full wp-image-254\" alt=\"Mie Larsen - Sales Director\" \/>\t\t\t\t\t\t\t\t\t\t\t\t\t\t\t<\/div>\n\t\t\t\t<\/div>\n\t\t\t\t<div class=\"elementor-element elementor-element-db955d7 elementor-widget elementor-widget-heading\" data-id=\"db955d7\" data-element_type=\"widget\" data-e-type=\"widget\" data-widget_type=\"heading.default\">\n\t\t\t\t<div class=\"elementor-widget-container\">\n\t\t\t\t\t<h2 class=\"elementor-heading-title elementor-size-default\">Mie Larsen\n<\/h2>\t\t\t\t<\/div>\n\t\t\t\t<\/div>\n\t\t\t\t<div class=\"elementor-element elementor-element-385d4a2 elementor-widget elementor-widget-heading\" data-id=\"385d4a2\" data-element_type=\"widget\" data-e-type=\"widget\" data-widget_type=\"heading.default\">\n\t\t\t\t<div class=\"elementor-widget-container\">\n\t\t\t\t\t<h2 class=\"elementor-heading-title elementor-size-default\">Sales Director\n\n<\/h2>\t\t\t\t<\/div>\n\t\t\t\t<\/div>\n\t\t\t\t<div class=\"elementor-element elementor-element-193db43 elementor-widget elementor-widget-text-editor\" data-id=\"193db43\" data-element_type=\"widget\" data-e-type=\"widget\" data-widget_type=\"text-editor.default\">\n\t\t\t\t<div class=\"elementor-widget-container\">\n\t\t\t\t\t\t\t\t\t<p class=\"card-text\">Mie es danesa. Lleg\u00f3 a la Costa en 2006 y siempre ha trabajado en inmobiliarias. Mie habla dan\u00e9s, ingl\u00e9s y algo de espa\u00f1ol. <\/p>\t\t\t\t\t\t\t\t<\/div>\n\t\t\t\t<\/div>\n\t\t\t\t<div class=\"elementor-element elementor-element-0ad3c70 elementor-widget elementor-widget-spacer\" data-id=\"0ad3c70\" data-element_type=\"widget\" data-e-type=\"widget\" data-widget_type=\"spacer.default\">\n\t\t\t\t<div class=\"elementor-widget-container\">\n\t\t\t\t\t\t\t<div class=\"elementor-spacer\">\n\t\t\t<div class=\"elementor-spacer-inner\"><\/div>\n\t\t<\/div>\n\t\t\t\t\t\t<\/div>\n\t\t\t\t<\/div>\n\t\t\t\t<\/div>\n\t\t\t\t<\/div>\n\t\t<div class=\"elementor-element elementor-element-0932282 e-con-full e-flex e-con e-child\" data-id=\"0932282\" data-element_type=\"container\" data-e-type=\"container\">\n\t\t<div class=\"elementor-element elementor-element-bc3c30b e-con-full animated-slow e-flex elementor-invisible e-con e-child\" data-id=\"bc3c30b\" data-element_type=\"container\" data-e-type=\"container\" data-settings=\"{&quot;background_background&quot;:&quot;classic&quot;,&quot;animation&quot;:&quot;slideInLeft&quot;}\">\n\t\t\t\t<div class=\"elementor-element elementor-element-f594f16 elementor-widget elementor-widget-image\" data-id=\"f594f16\" data-element_type=\"widget\" data-e-type=\"widget\" data-widget_type=\"image.default\">\n\t\t\t\t<div class=\"elementor-widget-container\">\n\t\t\t\t\t\t\t\t\t\t\t\t\t\t\t<img decoding=\"async\" src=\"https:\/\/www.m2builders.com\/wp-content\/uploads\/elementor\/thumbs\/lars-pedersen-scaled-re0jd9n685qz7qck26368gu549cmv4zl71v1sanlue.jpg\" title=\"lars-pedersen\" alt=\"lars-pedersen\" loading=\"lazy\" \/>\t\t\t\t\t\t\t\t\t\t\t\t\t\t\t<\/div>\n\t\t\t\t<\/div>\n\t\t\t\t<div class=\"elementor-element elementor-element-be6dc5e elementor-widget elementor-widget-heading\" data-id=\"be6dc5e\" data-element_type=\"widget\" data-e-type=\"widget\" data-widget_type=\"heading.default\">\n\t\t\t\t<div class=\"elementor-widget-container\">\n\t\t\t\t\t<h2 class=\"elementor-heading-title elementor-size-default\">LARS PEDERSEN<\/h2>\t\t\t\t<\/div>\n\t\t\t\t<\/div>\n\t\t\t\t<div class=\"elementor-element elementor-element-e7b4ef5 elementor-widget elementor-widget-heading\" data-id=\"e7b4ef5\" data-element_type=\"widget\" data-e-type=\"widget\" data-widget_type=\"heading.default\">\n\t\t\t\t<div class=\"elementor-widget-container\">\n\t\t\t\t\t<h2 class=\"elementor-heading-title elementor-size-default\">Project Manager\n<\/h2>\t\t\t\t<\/div>\n\t\t\t\t<\/div>\n\t\t\t\t<div class=\"elementor-element elementor-element-bdf19dc elementor-widget elementor-widget-text-editor\" data-id=\"bdf19dc\" data-element_type=\"widget\" data-e-type=\"widget\" data-widget_type=\"text-editor.default\">\n\t\t\t\t<div class=\"elementor-widget-container\">\n\t\t\t\t\t\t\t\t\t<p>Lars es un profesional altamente cualificado con una s\u00f3lida formaci\u00f3n acad\u00e9mica y m\u00e1s de 15 a\u00f1os de experiencia dirigiendo su propia empresa, donde gestion\u00f3 con \u00e9xito un equipo de 10 empleados. M\u00e1s tarde, su empresa pas\u00f3 a formar parte de una firma emprendedora de mayor tama\u00f1o, donde trabaj\u00f3 durante 7 a\u00f1os como jefe de proyectos, supervisando obras de construcci\u00f3n complejas y de gran envergadura en Copenhague. Ahora, Lars est\u00e1 deseando aportar su experiencia y dedicaci\u00f3n a un equipo s\u00f3lido centrado en construir viviendas de calidad en la Costa del Sol.<\/p>\t\t\t\t\t\t\t\t<\/div>\n\t\t\t\t<\/div>\n\t\t\t\t<div class=\"elementor-element elementor-element-d5ff841 elementor-widget elementor-widget-spacer\" data-id=\"d5ff841\" data-element_type=\"widget\" data-e-type=\"widget\" data-widget_type=\"spacer.default\">\n\t\t\t\t<div class=\"elementor-widget-container\">\n\t\t\t\t\t\t\t<div class=\"elementor-spacer\">\n\t\t\t<div class=\"elementor-spacer-inner\"><\/div>\n\t\t<\/div>\n\t\t\t\t\t\t<\/div>\n\t\t\t\t<\/div>\n\t\t\t\t<\/div>\n\t\t<div class=\"elementor-element elementor-element-3748f90 e-con-full animated-slow e-flex elementor-invisible e-con e-child\" data-id=\"3748f90\" data-element_type=\"container\" data-e-type=\"container\" data-settings=\"{&quot;background_background&quot;:&quot;classic&quot;,&quot;animation&quot;:&quot;slideInLeft&quot;}\">\n\t\t\t\t<div class=\"elementor-element elementor-element-2fad47e elementor-widget elementor-widget-image\" data-id=\"2fad47e\" data-element_type=\"widget\" data-e-type=\"widget\" data-widget_type=\"image.default\">\n\t\t\t\t<div class=\"elementor-widget-container\">\n\t\t\t\t\t\t\t\t\t\t\t\t\t\t\t<img loading=\"lazy\" decoding=\"async\" width=\"150\" height=\"175\" src=\"https:\/\/www.m2builders.com\/wp-content\/uploads\/2024\/08\/Path-184-2.jpg\" class=\"attachment-full size-full wp-image-258\" alt=\"Marko Grujic - Architect\" \/>\t\t\t\t\t\t\t\t\t\t\t\t\t\t\t<\/div>\n\t\t\t\t<\/div>\n\t\t\t\t<div class=\"elementor-element elementor-element-79abf2c elementor-widget elementor-widget-heading\" data-id=\"79abf2c\" data-element_type=\"widget\" data-e-type=\"widget\" data-widget_type=\"heading.default\">\n\t\t\t\t<div class=\"elementor-widget-container\">\n\t\t\t\t\t<h2 class=\"elementor-heading-title elementor-size-default\">Marko Grujic\n<\/h2>\t\t\t\t<\/div>\n\t\t\t\t<\/div>\n\t\t\t\t<div class=\"elementor-element elementor-element-63c7a9c elementor-widget elementor-widget-heading\" data-id=\"63c7a9c\" data-element_type=\"widget\" data-e-type=\"widget\" data-widget_type=\"heading.default\">\n\t\t\t\t<div class=\"elementor-widget-container\">\n\t\t\t\t\t<h2 class=\"elementor-heading-title elementor-size-default\">Architect\n<\/h2>\t\t\t\t<\/div>\n\t\t\t\t<\/div>\n\t\t\t\t<div class=\"elementor-element elementor-element-3db343e elementor-widget elementor-widget-text-editor\" data-id=\"3db343e\" data-element_type=\"widget\" data-e-type=\"widget\" data-widget_type=\"text-editor.default\">\n\t\t\t\t<div class=\"elementor-widget-container\">\n\t\t\t\t\t\t\t\t\t<p class=\"card-text\">Marko se gradu\u00f3 en arquitectura en Madrid 2012. Tiene amplios conocimientos en arquitectura residencial y ha dise\u00f1ado y desarrollado con \u00e9xito varias promociones de villas de lujo en la Costa del Sol. Marko tiene experiencia en la gesti\u00f3n de los procesos de concesi\u00f3n de licencias y dise\u00f1o y ha sido parte integral de muchas promociones en el sur de Espa\u00f1a. <\/p>\t\t\t\t\t\t\t\t<\/div>\n\t\t\t\t<\/div>\n\t\t\t\t<div class=\"elementor-element elementor-element-f3fef97 elementor-widget elementor-widget-spacer\" data-id=\"f3fef97\" data-element_type=\"widget\" data-e-type=\"widget\" data-widget_type=\"spacer.default\">\n\t\t\t\t<div class=\"elementor-widget-container\">\n\t\t\t\t\t\t\t<div class=\"elementor-spacer\">\n\t\t\t<div class=\"elementor-spacer-inner\"><\/div>\n\t\t<\/div>\n\t\t\t\t\t\t<\/div>\n\t\t\t\t<\/div>\n\t\t\t\t<\/div>\n\t\t<div class=\"elementor-element elementor-element-bb1c186 e-con-full animated-slow e-flex elementor-invisible e-con e-child\" data-id=\"bb1c186\" data-element_type=\"container\" data-e-type=\"container\" data-settings=\"{&quot;background_background&quot;:&quot;classic&quot;,&quot;animation&quot;:&quot;slideInLeft&quot;}\">\n\t\t\t\t<div class=\"elementor-element elementor-element-3825e48 elementor-widget elementor-widget-image\" data-id=\"3825e48\" data-element_type=\"widget\" data-e-type=\"widget\" data-widget_type=\"image.default\">\n\t\t\t\t<div class=\"elementor-widget-container\">\n\t\t\t\t\t\t\t\t\t\t\t\t\t\t\t<img loading=\"lazy\" decoding=\"async\" width=\"150\" height=\"175\" src=\"https:\/\/www.m2builders.com\/wp-content\/uploads\/2024\/08\/Andreas-de-Sousa.jpg\" class=\"attachment-full size-full wp-image-256\" alt=\"Andreas de Sousa Guti\u00e9rrez - Architect\" \/>\t\t\t\t\t\t\t\t\t\t\t\t\t\t\t<\/div>\n\t\t\t\t<\/div>\n\t\t\t\t<div class=\"elementor-element elementor-element-b82247b elementor-widget elementor-widget-heading\" data-id=\"b82247b\" data-element_type=\"widget\" data-e-type=\"widget\" data-widget_type=\"heading.default\">\n\t\t\t\t<div class=\"elementor-widget-container\">\n\t\t\t\t\t<h2 class=\"elementor-heading-title elementor-size-default\">Andreas de Sousa Guti\u00e9rrez\n<\/h2>\t\t\t\t<\/div>\n\t\t\t\t<\/div>\n\t\t\t\t<div class=\"elementor-element elementor-element-bd1c1d3 elementor-widget elementor-widget-heading\" data-id=\"bd1c1d3\" data-element_type=\"widget\" data-e-type=\"widget\" data-widget_type=\"heading.default\">\n\t\t\t\t<div class=\"elementor-widget-container\">\n\t\t\t\t\t<h2 class=\"elementor-heading-title elementor-size-default\">Architect<\/h2>\t\t\t\t<\/div>\n\t\t\t\t<\/div>\n\t\t\t\t<div class=\"elementor-element elementor-element-a79227d elementor-widget elementor-widget-text-editor\" data-id=\"a79227d\" data-element_type=\"widget\" data-e-type=\"widget\" data-widget_type=\"text-editor.default\">\n\t\t\t\t<div class=\"elementor-widget-container\">\n\t\t\t\t\t\t\t\t\t<p class=\"card-text\">Andreas, criado en Inglaterra, se licenci\u00f3 en arquitectura en Sevilla. Posee un m\u00e1ster en BIM Management, que le ha dotado de conocimientos avanzados en modelado de informaci\u00f3n de edificios. Sus conocimientos avanzados de software le permiten crear modelos de edificios precisos y completos, garantizando que cada aspecto del dise\u00f1o est\u00e9 representado con exactitud. <\/p>\t\t\t\t\t\t\t\t<\/div>\n\t\t\t\t<\/div>\n\t\t\t\t<div class=\"elementor-element elementor-element-8e85797 elementor-widget elementor-widget-spacer\" data-id=\"8e85797\" data-element_type=\"widget\" data-e-type=\"widget\" data-widget_type=\"spacer.default\">\n\t\t\t\t<div class=\"elementor-widget-container\">\n\t\t\t\t\t\t\t<div class=\"elementor-spacer\">\n\t\t\t<div class=\"elementor-spacer-inner\"><\/div>\n\t\t<\/div>\n\t\t\t\t\t\t<\/div>\n\t\t\t\t<\/div>\n\t\t\t\t<\/div>\n\t\t<div class=\"elementor-element elementor-element-efe68c6 e-con-full animated-slow e-flex elementor-invisible e-con e-child\" data-id=\"efe68c6\" data-element_type=\"container\" data-e-type=\"container\" data-settings=\"{&quot;background_background&quot;:&quot;classic&quot;,&quot;animation&quot;:&quot;slideInLeft&quot;}\">\n\t\t\t\t<div class=\"elementor-element elementor-element-27527cb elementor-widget elementor-widget-image\" data-id=\"27527cb\" data-element_type=\"widget\" data-e-type=\"widget\" data-widget_type=\"image.default\">\n\t\t\t\t<div class=\"elementor-widget-container\">\n\t\t\t\t\t\t\t\t\t\t\t\t\t\t\t<img loading=\"lazy\" decoding=\"async\" width=\"150\" height=\"175\" src=\"https:\/\/www.m2builders.com\/wp-content\/uploads\/2024\/08\/Path-184-3.jpg\" class=\"attachment-full size-full wp-image-260\" alt=\"Yulia Toro - Administration\" \/>\t\t\t\t\t\t\t\t\t\t\t\t\t\t\t<\/div>\n\t\t\t\t<\/div>\n\t\t\t\t<div class=\"elementor-element elementor-element-74a0008 elementor-widget elementor-widget-heading\" data-id=\"74a0008\" data-element_type=\"widget\" data-e-type=\"widget\" data-widget_type=\"heading.default\">\n\t\t\t\t<div class=\"elementor-widget-container\">\n\t\t\t\t\t<h2 class=\"elementor-heading-title elementor-size-default\">Yulia Toro\n<\/h2>\t\t\t\t<\/div>\n\t\t\t\t<\/div>\n\t\t\t\t<div class=\"elementor-element elementor-element-a7ae852 elementor-widget elementor-widget-heading\" data-id=\"a7ae852\" data-element_type=\"widget\" data-e-type=\"widget\" data-widget_type=\"heading.default\">\n\t\t\t\t<div class=\"elementor-widget-container\">\n\t\t\t\t\t<h2 class=\"elementor-heading-title elementor-size-default\">Administration <\/h2>\t\t\t\t<\/div>\n\t\t\t\t<\/div>\n\t\t\t\t<div class=\"elementor-element elementor-element-1fc55b5 elementor-widget elementor-widget-text-editor\" data-id=\"1fc55b5\" data-element_type=\"widget\" data-e-type=\"widget\" data-widget_type=\"text-editor.default\">\n\t\t\t\t<div class=\"elementor-widget-container\">\n\t\t\t\t\t\t\t\t\t<p class=\"card-text\">Yulia Toro es una profesional administrativa con experiencia en contabilidad y gesti\u00f3n empresarial, licenciada en Administraci\u00f3n y Direcci\u00f3n de Empresas. Comprometida con la eficiencia en la gesti\u00f3n empresarial. <\/p>\t\t\t\t\t\t\t\t<\/div>\n\t\t\t\t<\/div>\n\t\t\t\t<div class=\"elementor-element elementor-element-1fb9bee elementor-widget elementor-widget-spacer\" data-id=\"1fb9bee\" data-element_type=\"widget\" data-e-type=\"widget\" data-widget_type=\"spacer.default\">\n\t\t\t\t<div class=\"elementor-widget-container\">\n\t\t\t\t\t\t\t<div class=\"elementor-spacer\">\n\t\t\t<div class=\"elementor-spacer-inner\"><\/div>\n\t\t<\/div>\n\t\t\t\t\t\t<\/div>\n\t\t\t\t<\/div>\n\t\t\t\t<\/div>\n\t\t\t\t<\/div>\n\t\t<div class=\"elementor-element elementor-element-cafaaa7 e-con-full e-flex e-con e-child\" data-id=\"cafaaa7\" data-element_type=\"container\" data-e-type=\"container\">\n\t\t<div class=\"elementor-element elementor-element-d266e35 e-con-full animated-slow e-flex elementor-invisible e-con e-child\" data-id=\"d266e35\" data-element_type=\"container\" data-e-type=\"container\" data-settings=\"{&quot;background_background&quot;:&quot;classic&quot;,&quot;animation&quot;:&quot;slideInLeft&quot;}\">\n\t\t\t\t<div class=\"elementor-element elementor-element-5b36643 elementor-widget elementor-widget-image\" data-id=\"5b36643\" data-element_type=\"widget\" data-e-type=\"widget\" data-widget_type=\"image.default\">\n\t\t\t\t<div class=\"elementor-widget-container\">\n\t\t\t\t\t\t\t\t\t\t\t\t\t\t\t<img loading=\"lazy\" decoding=\"async\" width=\"2193\" height=\"2560\" src=\"https:\/\/www.m2builders.com\/wp-content\/uploads\/2025\/01\/Viviana-Garcia-scaled-1.jpg\" class=\"attachment-full size-full wp-image-1073\" alt=\"\" srcset=\"https:\/\/www.m2builders.com\/wp-content\/uploads\/2025\/01\/Viviana-Garcia-scaled-1.jpg 2193w, https:\/\/www.m2builders.com\/wp-content\/uploads\/2025\/01\/Viviana-Garcia-scaled-1-257x300.jpg 257w, https:\/\/www.m2builders.com\/wp-content\/uploads\/2025\/01\/Viviana-Garcia-scaled-1-877x1024.jpg 877w, https:\/\/www.m2builders.com\/wp-content\/uploads\/2025\/01\/Viviana-Garcia-scaled-1-768x897.jpg 768w, https:\/\/www.m2builders.com\/wp-content\/uploads\/2025\/01\/Viviana-Garcia-scaled-1-1316x1536.jpg 1316w, https:\/\/www.m2builders.com\/wp-content\/uploads\/2025\/01\/Viviana-Garcia-scaled-1-1754x2048.jpg 1754w\" sizes=\"(max-width: 2193px) 100vw, 2193px\" \/>\t\t\t\t\t\t\t\t\t\t\t\t\t\t\t<\/div>\n\t\t\t\t<\/div>\n\t\t\t\t<div class=\"elementor-element elementor-element-e50eaa9 elementor-widget elementor-widget-heading\" data-id=\"e50eaa9\" data-element_type=\"widget\" data-e-type=\"widget\" data-widget_type=\"heading.default\">\n\t\t\t\t<div class=\"elementor-widget-container\">\n\t\t\t\t\t<h2 class=\"elementor-heading-title elementor-size-default\">Viviana Garc\u00eda <\/h2>\t\t\t\t<\/div>\n\t\t\t\t<\/div>\n\t\t\t\t<div class=\"elementor-element elementor-element-206f0e2 elementor-widget elementor-widget-heading\" data-id=\"206f0e2\" data-element_type=\"widget\" data-e-type=\"widget\" data-widget_type=\"heading.default\">\n\t\t\t\t<div class=\"elementor-widget-container\">\n\t\t\t\t\t<h2 class=\"elementor-heading-title elementor-size-default\">Administration\n<\/h2>\t\t\t\t<\/div>\n\t\t\t\t<\/div>\n\t\t\t\t<div class=\"elementor-element elementor-element-69ad62e elementor-widget elementor-widget-text-editor\" data-id=\"69ad62e\" data-element_type=\"widget\" data-e-type=\"widget\" data-widget_type=\"text-editor.default\">\n\t\t\t\t<div class=\"elementor-widget-container\">\n\t\t\t\t\t\t\t\t\t<p>Viviana es una asistente administrativa especializada en la gesti\u00f3n de documentos y la coordinaci\u00f3n de horarios. Centrada en la atenci\u00f3n al cliente, contribuye a un servicio excepcional y al funcionamiento eficiente del equipo. <\/p>\t\t\t\t\t\t\t\t<\/div>\n\t\t\t\t<\/div>\n\t\t\t\t<div class=\"elementor-element elementor-element-61afffa elementor-widget elementor-widget-spacer\" data-id=\"61afffa\" data-element_type=\"widget\" data-e-type=\"widget\" data-widget_type=\"spacer.default\">\n\t\t\t\t<div class=\"elementor-widget-container\">\n\t\t\t\t\t\t\t<div class=\"elementor-spacer\">\n\t\t\t<div class=\"elementor-spacer-inner\"><\/div>\n\t\t<\/div>\n\t\t\t\t\t\t<\/div>\n\t\t\t\t<\/div>\n\t\t\t\t<\/div>\n\t\t<div class=\"elementor-element elementor-element-6a9c69c e-con-full animated-slow e-flex elementor-invisible e-con e-child\" data-id=\"6a9c69c\" data-element_type=\"container\" data-e-type=\"container\" data-settings=\"{&quot;background_background&quot;:&quot;classic&quot;,&quot;animation&quot;:&quot;slideInLeft&quot;}\">\n\t\t\t\t<div class=\"elementor-element elementor-element-8a6b344 elementor-widget elementor-widget-image\" data-id=\"8a6b344\" data-element_type=\"widget\" data-e-type=\"widget\" data-widget_type=\"image.default\">\n\t\t\t\t<div class=\"elementor-widget-container\">\n\t\t\t\t\t\t\t\t\t\t\t\t\t\t\t<img loading=\"lazy\" decoding=\"async\" width=\"150\" height=\"175\" src=\"https:\/\/www.m2builders.com\/wp-content\/uploads\/2024\/08\/Path-184-5.jpg\" class=\"attachment-full size-full wp-image-264\" alt=\"Adriana D\u00edaz\" \/>\t\t\t\t\t\t\t\t\t\t\t\t\t\t\t<\/div>\n\t\t\t\t<\/div>\n\t\t\t\t<div class=\"elementor-element elementor-element-3d41210 elementor-widget elementor-widget-heading\" data-id=\"3d41210\" data-element_type=\"widget\" data-e-type=\"widget\" data-widget_type=\"heading.default\">\n\t\t\t\t<div class=\"elementor-widget-container\">\n\t\t\t\t\t<h2 class=\"elementor-heading-title elementor-size-default\">Adriana D\u00edaz\n<\/h2>\t\t\t\t<\/div>\n\t\t\t\t<\/div>\n\t\t\t\t<div class=\"elementor-element elementor-element-173776d elementor-widget elementor-widget-heading\" data-id=\"173776d\" data-element_type=\"widget\" data-e-type=\"widget\" data-widget_type=\"heading.default\">\n\t\t\t\t<div class=\"elementor-widget-container\">\n\t\t\t\t\t<h2 class=\"elementor-heading-title elementor-size-default\">Marketing<\/h2>\t\t\t\t<\/div>\n\t\t\t\t<\/div>\n\t\t\t\t<div class=\"elementor-element elementor-element-5967427 elementor-widget elementor-widget-text-editor\" data-id=\"5967427\" data-element_type=\"widget\" data-e-type=\"widget\" data-widget_type=\"text-editor.default\">\n\t\t\t\t<div class=\"elementor-widget-container\">\n\t\t\t\t\t\t\t\t\t<p class=\"card-text\">Adriana es una polifac\u00e9tica dise\u00f1adora gr\u00e1fica nacida en Cuba y graduada en 2021. Con experiencia en consultor\u00eda medioambiental y proyectos arquitect\u00f3nicos, aporta un enfoque hol\u00edstico a su trabajo. Su experiencia en marketing, comunicaci\u00f3n interna, publicidad y redes sociales le permite ofrecer narrativas visuales coherentes en m\u00faltiples plataformas. <\/p>\t\t\t\t\t\t\t\t<\/div>\n\t\t\t\t<\/div>\n\t\t\t\t<div class=\"elementor-element elementor-element-8a38868 elementor-widget elementor-widget-spacer\" data-id=\"8a38868\" data-element_type=\"widget\" data-e-type=\"widget\" data-widget_type=\"spacer.default\">\n\t\t\t\t<div class=\"elementor-widget-container\">\n\t\t\t\t\t\t\t<div class=\"elementor-spacer\">\n\t\t\t<div class=\"elementor-spacer-inner\"><\/div>\n\t\t<\/div>\n\t\t\t\t\t\t<\/div>\n\t\t\t\t<\/div>\n\t\t\t\t<\/div>\n\t\t<div class=\"elementor-element elementor-element-3fb227f e-con-full animated-slow e-flex elementor-invisible e-con e-child\" data-id=\"3fb227f\" data-element_type=\"container\" data-e-type=\"container\" data-settings=\"{&quot;animation&quot;:&quot;slideInLeft&quot;}\">\n\t\t\t\t<\/div>\n\t\t<div class=\"elementor-element elementor-element-898d9a0 e-con-full animated-slow e-flex elementor-invisible e-con e-child\" data-id=\"898d9a0\" data-element_type=\"container\" data-e-type=\"container\" data-settings=\"{&quot;animation&quot;:&quot;slideInLeft&quot;}\">\n\t\t\t\t<\/div>\n\t\t\t\t<\/div>\n\t\t\t\t\t<\/div>\n\t\t\t\t<\/div>\n\t\t\t\t<\/div>\n\t\t","protected":false},"excerpt":{"rendered":"<p>NUESTRO EQUIPO Eddy Zajontz Chairman of the Board &amp; Owner Eddy es dan\u00e9s pero con ra\u00edces alemanas. Se traslad\u00f3 a la Costa del Sol en 1989, donde ha sido propietario y administrador de varias empresas de \u00e9xito. Es ingeniero de profesi\u00f3n y desde 1972 ha sido responsable de muchos proyectos de construcci\u00f3n. Trabaja en el [&hellip;]<\/p>\n","protected":false},"author":2,"featured_media":0,"parent":0,"menu_order":0,"comment_status":"closed","ping_status":"closed","template":"elementor_header_footer","meta":{"footnotes":""},"class_list":["post-281","page","type-page","status-publish","hentry"],"_links":{"self":[{"href":"https:\/\/www.m2builders.com\/es\/wp-json\/wp\/v2\/pages\/281","targetHints":{"allow":["GET"]}}],"collection":[{"href":"https:\/\/www.m2builders.com\/es\/wp-json\/wp\/v2\/pages"}],"about":[{"href":"https:\/\/www.m2builders.com\/es\/wp-json\/wp\/v2\/types\/page"}],"author":[{"embeddable":true,"href":"https:\/\/www.m2builders.com\/es\/wp-json\/wp\/v2\/users\/2"}],"replies":[{"embeddable":true,"href":"https:\/\/www.m2builders.com\/es\/wp-json\/wp\/v2\/comments?post=281"}],"version-history":[{"count":46,"href":"https:\/\/www.m2builders.com\/es\/wp-json\/wp\/v2\/pages\/281\/revisions"}],"predecessor-version":[{"id":1484,"href":"https:\/\/www.m2builders.com\/es\/wp-json\/wp\/v2\/pages\/281\/revisions\/1484"}],"wp:attachment":[{"href":"https:\/\/www.m2builders.com\/es\/wp-json\/wp\/v2\/media?parent=281"}],"curies":[{"name":"wp","href":"https:\/\/api.w.org\/{rel}","templated":true}]}}