{"id":1311,"date":"2024-08-05T13:15:06","date_gmt":"2024-08-05T12:15:06","guid":{"rendered":"https:\/\/www.m2builders.com\/meet-the-team\/"},"modified":"2025-11-03T17:25:12","modified_gmt":"2025-11-03T17:25:12","slug":"meet-the-team","status":"publish","type":"page","link":"https:\/\/www.m2builders.com\/sv\/meet-the-team\/","title":{"rendered":"TR\u00c4FFA TEAMET"},"content":{"rendered":"\t\t<div data-elementor-type=\"wp-page\" data-elementor-id=\"1311\" class=\"elementor elementor-1311 elementor-14\" data-elementor-post-type=\"page\">\n\t\t\t\t<div class=\"elementor-element elementor-element-0bacea0 e-flex e-con-boxed e-con e-parent\" data-id=\"0bacea0\" data-element_type=\"container\" data-e-type=\"container\" data-settings=\"{&quot;background_background&quot;:&quot;classic&quot;}\">\n\t\t\t\t\t<div class=\"e-con-inner\">\n\t\t\t\t<div class=\"elementor-element elementor-element-047a190 elementor-widget__width-initial elementor-invisible elementor-widget elementor-widget-heading\" data-id=\"047a190\" data-element_type=\"widget\" data-e-type=\"widget\" data-settings=\"{&quot;_animation&quot;:&quot;fadeInUp&quot;}\" data-widget_type=\"heading.default\">\n\t\t\t\t<div class=\"elementor-widget-container\">\n\t\t\t\t\t<h2 class=\"elementor-heading-title elementor-size-default\">TR\u00c4FFA TEAMET<\/h2>\t\t\t\t<\/div>\n\t\t\t\t<\/div>\n\t\t<div class=\"elementor-element elementor-element-f27e19b e-con-full e-flex e-con e-child\" data-id=\"f27e19b\" data-element_type=\"container\" data-e-type=\"container\">\n\t\t<div class=\"elementor-element elementor-element-7832eca e-con-full animated-slow e-flex elementor-invisible e-con e-child\" data-id=\"7832eca\" data-element_type=\"container\" data-e-type=\"container\" data-settings=\"{&quot;background_background&quot;:&quot;classic&quot;,&quot;animation&quot;:&quot;slideInLeft&quot;}\">\n\t\t\t\t<div class=\"elementor-element elementor-element-6560318 elementor-widget elementor-widget-image\" data-id=\"6560318\" data-element_type=\"widget\" data-e-type=\"widget\" data-widget_type=\"image.default\">\n\t\t\t\t<div class=\"elementor-widget-container\">\n\t\t\t\t\t\t\t\t\t\t\t\t\t\t\t<img decoding=\"async\" width=\"150\" height=\"175\" src=\"https:\/\/www.m2builders.com\/wp-content\/uploads\/2024\/08\/Eddie_Z.jpg\" class=\"attachment-full size-full wp-image-1315\" alt=\"\" \/>\t\t\t\t\t\t\t\t\t\t\t\t\t\t\t<\/div>\n\t\t\t\t<\/div>\n\t\t\t\t<div class=\"elementor-element elementor-element-4f31e1d elementor-widget elementor-widget-heading\" data-id=\"4f31e1d\" data-element_type=\"widget\" data-e-type=\"widget\" data-widget_type=\"heading.default\">\n\t\t\t\t<div class=\"elementor-widget-container\">\n\t\t\t\t\t<h2 class=\"elementor-heading-title elementor-size-default\">Eddy Zajontz\n<\/h2>\t\t\t\t<\/div>\n\t\t\t\t<\/div>\n\t\t\t\t<div class=\"elementor-element elementor-element-9ae7c27 elementor-widget elementor-widget-heading\" data-id=\"9ae7c27\" data-element_type=\"widget\" data-e-type=\"widget\" data-widget_type=\"heading.default\">\n\t\t\t\t<div class=\"elementor-widget-container\">\n\t\t\t\t\t<h2 class=\"elementor-heading-title elementor-size-default\">Chairman of the Board &amp; Owner\n\n<\/h2>\t\t\t\t<\/div>\n\t\t\t\t<\/div>\n\t\t\t\t<div class=\"elementor-element elementor-element-456dab5 elementor-widget elementor-widget-text-editor\" data-id=\"456dab5\" data-element_type=\"widget\" data-e-type=\"widget\" data-widget_type=\"text-editor.default\">\n\t\t\t\t<div class=\"elementor-widget-container\">\n\t\t\t\t\t\t\t\t\t<p>Eddy \u00e4r dansk med tyska r\u00f6tter och flyttade till Costa del Sol 1989 d\u00e4r han har lett flera framg\u00e5ngsrika f\u00f6retag. Han \u00e4r ingenj\u00f6r till yrket och har sedan 1972 ansvarat f\u00f6r m\u00e5nga byggprojekt. Han har arbetat med fastigheter sedan 1997.<\/p>\t\t\t\t\t\t\t\t<\/div>\n\t\t\t\t<\/div>\n\t\t\t\t<div class=\"elementor-element elementor-element-8ab348d elementor-widget elementor-widget-spacer\" data-id=\"8ab348d\" data-element_type=\"widget\" data-e-type=\"widget\" data-widget_type=\"spacer.default\">\n\t\t\t\t<div class=\"elementor-widget-container\">\n\t\t\t\t\t\t\t<div class=\"elementor-spacer\">\n\t\t\t<div class=\"elementor-spacer-inner\"><\/div>\n\t\t<\/div>\n\t\t\t\t\t\t<\/div>\n\t\t\t\t<\/div>\n\t\t\t\t<\/div>\n\t\t<div class=\"elementor-element elementor-element-7e9bc46 e-con-full animated-slow e-flex elementor-invisible e-con e-child\" data-id=\"7e9bc46\" data-element_type=\"container\" data-e-type=\"container\" data-settings=\"{&quot;background_background&quot;:&quot;classic&quot;,&quot;animation&quot;:&quot;slideInLeft&quot;}\">\n\t\t\t\t<div class=\"elementor-element elementor-element-47e2209 elementor-widget elementor-widget-image\" data-id=\"47e2209\" data-element_type=\"widget\" data-e-type=\"widget\" data-widget_type=\"image.default\">\n\t\t\t\t<div class=\"elementor-widget-container\">\n\t\t\t\t\t\t\t\t\t\t\t\t\t\t\t<img fetchpriority=\"high\" decoding=\"async\" width=\"807\" height=\"782\" src=\"https:\/\/www.m2builders.com\/wp-content\/uploads\/2024\/09\/IMG_8690.jpg\" class=\"attachment-full size-full wp-image-1314\" alt=\"\" srcset=\"https:\/\/www.m2builders.com\/wp-content\/uploads\/2024\/09\/IMG_8690.jpg 807w, https:\/\/www.m2builders.com\/wp-content\/uploads\/2024\/09\/IMG_8690-300x291.jpg 300w, https:\/\/www.m2builders.com\/wp-content\/uploads\/2024\/09\/IMG_8690-768x744.jpg 768w\" sizes=\"(max-width: 807px) 100vw, 807px\" \/>\t\t\t\t\t\t\t\t\t\t\t\t\t\t\t<\/div>\n\t\t\t\t<\/div>\n\t\t\t\t<div class=\"elementor-element elementor-element-0591829 elementor-widget elementor-widget-heading\" data-id=\"0591829\" data-element_type=\"widget\" data-e-type=\"widget\" data-widget_type=\"heading.default\">\n\t\t\t\t<div class=\"elementor-widget-container\">\n\t\t\t\t\t<h2 class=\"elementor-heading-title elementor-size-default\">Thomas With\n<\/h2>\t\t\t\t<\/div>\n\t\t\t\t<\/div>\n\t\t\t\t<div class=\"elementor-element elementor-element-6dbfa2d elementor-widget elementor-widget-heading\" data-id=\"6dbfa2d\" data-element_type=\"widget\" data-e-type=\"widget\" data-widget_type=\"heading.default\">\n\t\t\t\t<div class=\"elementor-widget-container\">\n\t\t\t\t\t<h2 class=\"elementor-heading-title elementor-size-default\">Director &amp; Owner\n\n<\/h2>\t\t\t\t<\/div>\n\t\t\t\t<\/div>\n\t\t\t\t<div class=\"elementor-element elementor-element-5a87440 elementor-widget elementor-widget-text-editor\" data-id=\"5a87440\" data-element_type=\"widget\" data-e-type=\"widget\" data-widget_type=\"text-editor.default\">\n\t\t\t\t<div class=\"elementor-widget-container\">\n\t\t\t\t\t\t\t\t\t<div class=\"col\"><div class=\"card rounded-0 shadow h-100 border-0\"><div class=\"card-body\"><p class=\"card-text\">Thomas har l\u00e5ng erfarenhet och expertis inom f\u00f6rs\u00e4ljning och marknadsf\u00f6ring av fastigheter p\u00e5 Costa del Sol. Han l\u00e4mnade sitt hem i Danmark f\u00f6r att flytta till s\u00f6dra Spanien 1991 och inledde sin karri\u00e4r inom fastighetsbranschen, som han har varit aktiv inom sedan dess. Hans kunskap om marknaden mellan Malaga och Sotogrande \u00e4r o\u00f6vertr\u00e4ffad.<\/p><\/div><\/div><\/div><div class=\"col\"><div class=\"card rounded-0 shadow h-100 border-0\"><div class=\"card-body\">\u00a0<\/div><\/div><\/div>\t\t\t\t\t\t\t\t<\/div>\n\t\t\t\t<\/div>\n\t\t\t\t<div class=\"elementor-element elementor-element-5fabc9d elementor-widget elementor-widget-spacer\" data-id=\"5fabc9d\" data-element_type=\"widget\" data-e-type=\"widget\" data-widget_type=\"spacer.default\">\n\t\t\t\t<div class=\"elementor-widget-container\">\n\t\t\t\t\t\t\t<div class=\"elementor-spacer\">\n\t\t\t<div class=\"elementor-spacer-inner\"><\/div>\n\t\t<\/div>\n\t\t\t\t\t\t<\/div>\n\t\t\t\t<\/div>\n\t\t\t\t<\/div>\n\t\t<div class=\"elementor-element elementor-element-180f95a e-con-full animated-slow e-flex elementor-invisible e-con e-child\" data-id=\"180f95a\" data-element_type=\"container\" data-e-type=\"container\" data-settings=\"{&quot;background_background&quot;:&quot;classic&quot;,&quot;animation&quot;:&quot;slideInLeft&quot;}\">\n\t\t\t\t<div class=\"elementor-element elementor-element-9c34cfe elementor-widget elementor-widget-image\" data-id=\"9c34cfe\" data-element_type=\"widget\" data-e-type=\"widget\" data-widget_type=\"image.default\">\n\t\t\t\t<div class=\"elementor-widget-container\">\n\t\t\t\t\t\t\t\t\t\t\t\t\t\t\t<img decoding=\"async\" width=\"150\" height=\"175\" src=\"https:\/\/www.m2builders.com\/wp-content\/uploads\/2024\/08\/Path-184-1.jpg\" class=\"attachment-full size-full wp-image-1318\" alt=\"\" \/>\t\t\t\t\t\t\t\t\t\t\t\t\t\t\t<\/div>\n\t\t\t\t<\/div>\n\t\t\t\t<div class=\"elementor-element elementor-element-db955d7 elementor-widget elementor-widget-heading\" data-id=\"db955d7\" data-element_type=\"widget\" data-e-type=\"widget\" data-widget_type=\"heading.default\">\n\t\t\t\t<div class=\"elementor-widget-container\">\n\t\t\t\t\t<h2 class=\"elementor-heading-title elementor-size-default\">Mie Larsen\n<\/h2>\t\t\t\t<\/div>\n\t\t\t\t<\/div>\n\t\t\t\t<div class=\"elementor-element elementor-element-385d4a2 elementor-widget elementor-widget-heading\" data-id=\"385d4a2\" data-element_type=\"widget\" data-e-type=\"widget\" data-widget_type=\"heading.default\">\n\t\t\t\t<div class=\"elementor-widget-container\">\n\t\t\t\t\t<h2 class=\"elementor-heading-title elementor-size-default\">Sales Director\n\n<\/h2>\t\t\t\t<\/div>\n\t\t\t\t<\/div>\n\t\t\t\t<div class=\"elementor-element elementor-element-193db43 elementor-widget elementor-widget-text-editor\" data-id=\"193db43\" data-element_type=\"widget\" data-e-type=\"widget\" data-widget_type=\"text-editor.default\">\n\t\t\t\t<div class=\"elementor-widget-container\">\n\t\t\t\t\t\t\t\t\t<div class=\"col\"><div class=\"card rounded-0 shadow h-100 border-0\"><div class=\"card-body\"><p class=\"card-text\">Mie \u00e4r danska. Hon kom till kusten 2006 och har alltid arbetat inom fastighetsbranschen. Mie talar danska, engelska och lite spanska<\/p><\/div><\/div><\/div><div class=\"col\"><div class=\"card rounded-0 shadow h-100 border-0\"><div class=\"card-body\">\u00a0<\/div><\/div><\/div>\t\t\t\t\t\t\t\t<\/div>\n\t\t\t\t<\/div>\n\t\t\t\t<div class=\"elementor-element elementor-element-0ad3c70 elementor-widget elementor-widget-spacer\" data-id=\"0ad3c70\" data-element_type=\"widget\" data-e-type=\"widget\" data-widget_type=\"spacer.default\">\n\t\t\t\t<div class=\"elementor-widget-container\">\n\t\t\t\t\t\t\t<div class=\"elementor-spacer\">\n\t\t\t<div class=\"elementor-spacer-inner\"><\/div>\n\t\t<\/div>\n\t\t\t\t\t\t<\/div>\n\t\t\t\t<\/div>\n\t\t\t\t<\/div>\n\t\t\t\t<\/div>\n\t\t<div class=\"elementor-element elementor-element-0932282 e-con-full e-flex e-con e-child\" data-id=\"0932282\" data-element_type=\"container\" data-e-type=\"container\">\n\t\t<div class=\"elementor-element elementor-element-c5345f2 e-con-full animated-slow e-flex elementor-invisible e-con e-child\" data-id=\"c5345f2\" data-element_type=\"container\" data-e-type=\"container\" data-settings=\"{&quot;background_background&quot;:&quot;classic&quot;,&quot;animation&quot;:&quot;slideInLeft&quot;}\">\n\t\t\t\t<div class=\"elementor-element elementor-element-c14a3ce elementor-widget elementor-widget-image\" data-id=\"c14a3ce\" data-element_type=\"widget\" data-e-type=\"widget\" data-widget_type=\"image.default\">\n\t\t\t\t<div class=\"elementor-widget-container\">\n\t\t\t\t\t\t\t\t\t\t\t\t\t\t\t<img decoding=\"async\" src=\"https:\/\/www.m2builders.com\/wp-content\/uploads\/elementor\/thumbs\/lars-pedersen-scaled-re0jd9n685qz7qck26368gu549cmv4zl71v1sanlue.jpg\" title=\"lars-pedersen\" alt=\"lars-pedersen\" loading=\"lazy\" \/>\t\t\t\t\t\t\t\t\t\t\t\t\t\t\t<\/div>\n\t\t\t\t<\/div>\n\t\t\t\t<div class=\"elementor-element elementor-element-7bbd20f elementor-widget elementor-widget-heading\" data-id=\"7bbd20f\" data-element_type=\"widget\" data-e-type=\"widget\" data-widget_type=\"heading.default\">\n\t\t\t\t<div class=\"elementor-widget-container\">\n\t\t\t\t\t<h2 class=\"elementor-heading-title elementor-size-default\">LARS PEDERSEN<\/h2>\t\t\t\t<\/div>\n\t\t\t\t<\/div>\n\t\t\t\t<div class=\"elementor-element elementor-element-3b589f0 elementor-widget elementor-widget-heading\" data-id=\"3b589f0\" data-element_type=\"widget\" data-e-type=\"widget\" data-widget_type=\"heading.default\">\n\t\t\t\t<div class=\"elementor-widget-container\">\n\t\t\t\t\t<h2 class=\"elementor-heading-title elementor-size-default\">Project Manager\n<\/h2>\t\t\t\t<\/div>\n\t\t\t\t<\/div>\n\t\t\t\t<div class=\"elementor-element elementor-element-cea1731 elementor-widget elementor-widget-text-editor\" data-id=\"cea1731\" data-element_type=\"widget\" data-e-type=\"widget\" data-widget_type=\"text-editor.default\">\n\t\t\t\t<div class=\"elementor-widget-container\">\n\t\t\t\t\t\t\t\t\t<div class=\"col\">\n<div class=\"card rounded-0 shadow h-100 border-0\">\n<div class=\"card-body\"><p class=\"card-text\">Lars \u00e4r en skicklig yrkesperson med en solid utbildningsbakgrund och \u00f6ver 15 \u00e5rs erfarenhet av att driva sitt eget f\u00f6retag, d\u00e4r han framg\u00e5ngsrikt ledde ett team p\u00e5 10 anst\u00e4llda. Hans f\u00f6retag blev senare en del av en st\u00f6rre entrepren\u00f6rsfirma, d\u00e4r han arbetade i 7 \u00e5r som projektledare med ansvar f\u00f6r komplexa och storskaliga byggprojekt i K\u00f6penhamn. Nu \u00e4r Lars ivrig att bidra med sin expertis och sitt engagemang till ett starkt team som fokuserar p\u00e5 att bygga kvalitetsbost\u00e4der p\u00e5 Costa del Sol.&nbsp;<\/p><\/div><\/div><\/div>\t\t\t\t\t\t\t\t<\/div>\n\t\t\t\t<\/div>\n\t\t\t\t<div class=\"elementor-element elementor-element-c8b7fe7 elementor-widget elementor-widget-spacer\" data-id=\"c8b7fe7\" data-element_type=\"widget\" data-e-type=\"widget\" data-widget_type=\"spacer.default\">\n\t\t\t\t<div class=\"elementor-widget-container\">\n\t\t\t\t\t\t\t<div class=\"elementor-spacer\">\n\t\t\t<div class=\"elementor-spacer-inner\"><\/div>\n\t\t<\/div>\n\t\t\t\t\t\t<\/div>\n\t\t\t\t<\/div>\n\t\t\t\t<\/div>\n\t\t<div class=\"elementor-element elementor-element-ac9f34f e-con-full animated-slow e-flex elementor-invisible e-con e-child\" data-id=\"ac9f34f\" data-element_type=\"container\" data-e-type=\"container\" data-settings=\"{&quot;background_background&quot;:&quot;classic&quot;,&quot;animation&quot;:&quot;slideInLeft&quot;}\">\n\t\t\t\t<div class=\"elementor-element elementor-element-26caf9d elementor-widget elementor-widget-image\" data-id=\"26caf9d\" data-element_type=\"widget\" data-e-type=\"widget\" data-widget_type=\"image.default\">\n\t\t\t\t<div class=\"elementor-widget-container\">\n\t\t\t\t\t\t\t\t\t\t\t\t\t\t\t<img loading=\"lazy\" decoding=\"async\" width=\"150\" height=\"175\" src=\"https:\/\/www.m2builders.com\/wp-content\/uploads\/2024\/08\/Path-184-2.jpg\" class=\"attachment-full size-full wp-image-1320\" alt=\"\" \/>\t\t\t\t\t\t\t\t\t\t\t\t\t\t\t<\/div>\n\t\t\t\t<\/div>\n\t\t\t\t<div class=\"elementor-element elementor-element-fa146ae elementor-widget elementor-widget-heading\" data-id=\"fa146ae\" data-element_type=\"widget\" data-e-type=\"widget\" data-widget_type=\"heading.default\">\n\t\t\t\t<div class=\"elementor-widget-container\">\n\t\t\t\t\t<h2 class=\"elementor-heading-title elementor-size-default\">Marko Grujic\n<\/h2>\t\t\t\t<\/div>\n\t\t\t\t<\/div>\n\t\t\t\t<div class=\"elementor-element elementor-element-e9e2532 elementor-widget elementor-widget-heading\" data-id=\"e9e2532\" data-element_type=\"widget\" data-e-type=\"widget\" data-widget_type=\"heading.default\">\n\t\t\t\t<div class=\"elementor-widget-container\">\n\t\t\t\t\t<h2 class=\"elementor-heading-title elementor-size-default\">Architect\n<\/h2>\t\t\t\t<\/div>\n\t\t\t\t<\/div>\n\t\t\t\t<div class=\"elementor-element elementor-element-74aed73 elementor-widget elementor-widget-text-editor\" data-id=\"74aed73\" data-element_type=\"widget\" data-e-type=\"widget\" data-widget_type=\"text-editor.default\">\n\t\t\t\t<div class=\"elementor-widget-container\">\n\t\t\t\t\t\t\t\t\t<div class=\"col\"><div class=\"card rounded-0 shadow h-100 border-0\"><div class=\"card-body\"><p class=\"card-text\">Marko tog examen i arkitektur i Madrid 2012. Han har omfattande kunskaper inom bostadsarkitektur och har framg\u00e5ngsrikt designat och utvecklat olika kampanjer av lyxvillor p\u00e5 Costa del Sol. Marko har erfarenhet av att hantera licensierings- och designprocesser och har varit en integrerad del av m\u00e5nga kampanjer i s\u00f6dra Spanien.<\/p><\/div><\/div><\/div><div class=\"col\"><div class=\"card rounded-0 shadow h-100 border-0\"><div class=\"card-body\">\u00a0<\/div><\/div><\/div>\t\t\t\t\t\t\t\t<\/div>\n\t\t\t\t<\/div>\n\t\t\t\t<div class=\"elementor-element elementor-element-dabb348 elementor-widget elementor-widget-spacer\" data-id=\"dabb348\" data-element_type=\"widget\" data-e-type=\"widget\" data-widget_type=\"spacer.default\">\n\t\t\t\t<div class=\"elementor-widget-container\">\n\t\t\t\t\t\t\t<div class=\"elementor-spacer\">\n\t\t\t<div class=\"elementor-spacer-inner\"><\/div>\n\t\t<\/div>\n\t\t\t\t\t\t<\/div>\n\t\t\t\t<\/div>\n\t\t\t\t<\/div>\n\t\t<div class=\"elementor-element elementor-element-58bda21 e-con-full animated-slow e-flex elementor-invisible e-con e-child\" data-id=\"58bda21\" data-element_type=\"container\" data-e-type=\"container\" data-settings=\"{&quot;background_background&quot;:&quot;classic&quot;,&quot;animation&quot;:&quot;slideInLeft&quot;}\">\n\t\t\t\t<div class=\"elementor-element elementor-element-5927f06 elementor-widget elementor-widget-image\" data-id=\"5927f06\" data-element_type=\"widget\" data-e-type=\"widget\" data-widget_type=\"image.default\">\n\t\t\t\t<div class=\"elementor-widget-container\">\n\t\t\t\t\t\t\t\t\t\t\t\t\t\t\t<img loading=\"lazy\" decoding=\"async\" width=\"150\" height=\"175\" src=\"https:\/\/www.m2builders.com\/wp-content\/uploads\/2024\/08\/Andreas-de-Sousa.jpg\" class=\"attachment-full size-full wp-image-1319\" alt=\"\" \/>\t\t\t\t\t\t\t\t\t\t\t\t\t\t\t<\/div>\n\t\t\t\t<\/div>\n\t\t\t\t<div class=\"elementor-element elementor-element-e432643 elementor-widget elementor-widget-heading\" data-id=\"e432643\" data-element_type=\"widget\" data-e-type=\"widget\" data-widget_type=\"heading.default\">\n\t\t\t\t<div class=\"elementor-widget-container\">\n\t\t\t\t\t<h2 class=\"elementor-heading-title elementor-size-default\">Andreas de Sousa Guti\u00e9rrez\n<\/h2>\t\t\t\t<\/div>\n\t\t\t\t<\/div>\n\t\t\t\t<div class=\"elementor-element elementor-element-424bd84 elementor-widget elementor-widget-heading\" data-id=\"424bd84\" data-element_type=\"widget\" data-e-type=\"widget\" data-widget_type=\"heading.default\">\n\t\t\t\t<div class=\"elementor-widget-container\">\n\t\t\t\t\t<h2 class=\"elementor-heading-title elementor-size-default\">Architect<\/h2>\t\t\t\t<\/div>\n\t\t\t\t<\/div>\n\t\t\t\t<div class=\"elementor-element elementor-element-7da2169 elementor-widget elementor-widget-text-editor\" data-id=\"7da2169\" data-element_type=\"widget\" data-e-type=\"widget\" data-widget_type=\"text-editor.default\">\n\t\t\t\t<div class=\"elementor-widget-container\">\n\t\t\t\t\t\t\t\t\t<div class=\"col\"><div class=\"card rounded-0 shadow h-100 border-0\"><div class=\"card-body\"><p class=\"card-text\">Andreas, som \u00e4r uppvuxen i England, tog sin arkitektexamen i Sevilla. Han har en masterexamen i BIM Management, vilket har gett honom avancerade kunskaper inom byggnadsinformationsmodellering. Hans avancerade programvarukunskaper g\u00f6r det m\u00f6jligt f\u00f6r honom att skapa exakta och kompletta byggnadsmodeller och se till att varje aspekt av designen \u00e4r korrekt representerad.<\/p><\/div><\/div><\/div><div class=\"col\"><div class=\"card rounded-0 shadow h-100 border-0\"><div class=\"card-body\">\u00a0<\/div><\/div><\/div>\t\t\t\t\t\t\t\t<\/div>\n\t\t\t\t<\/div>\n\t\t\t\t<div class=\"elementor-element elementor-element-1b83811 elementor-widget elementor-widget-spacer\" data-id=\"1b83811\" data-element_type=\"widget\" data-e-type=\"widget\" data-widget_type=\"spacer.default\">\n\t\t\t\t<div class=\"elementor-widget-container\">\n\t\t\t\t\t\t\t<div class=\"elementor-spacer\">\n\t\t\t<div class=\"elementor-spacer-inner\"><\/div>\n\t\t<\/div>\n\t\t\t\t\t\t<\/div>\n\t\t\t\t<\/div>\n\t\t\t\t<\/div>\n\t\t<div class=\"elementor-element elementor-element-efe68c6 e-con-full animated-slow e-flex elementor-invisible e-con e-child\" data-id=\"efe68c6\" data-element_type=\"container\" data-e-type=\"container\" data-settings=\"{&quot;background_background&quot;:&quot;classic&quot;,&quot;animation&quot;:&quot;slideInLeft&quot;}\">\n\t\t\t\t<div class=\"elementor-element elementor-element-27527cb elementor-widget elementor-widget-image\" data-id=\"27527cb\" data-element_type=\"widget\" data-e-type=\"widget\" data-widget_type=\"image.default\">\n\t\t\t\t<div class=\"elementor-widget-container\">\n\t\t\t\t\t\t\t\t\t\t\t\t\t\t\t<img loading=\"lazy\" decoding=\"async\" width=\"150\" height=\"175\" src=\"https:\/\/www.m2builders.com\/wp-content\/uploads\/2024\/08\/Path-184-3.jpg\" class=\"attachment-full size-full wp-image-1321\" alt=\"\" \/>\t\t\t\t\t\t\t\t\t\t\t\t\t\t\t<\/div>\n\t\t\t\t<\/div>\n\t\t\t\t<div class=\"elementor-element elementor-element-74a0008 elementor-widget elementor-widget-heading\" data-id=\"74a0008\" data-element_type=\"widget\" data-e-type=\"widget\" data-widget_type=\"heading.default\">\n\t\t\t\t<div class=\"elementor-widget-container\">\n\t\t\t\t\t<h2 class=\"elementor-heading-title elementor-size-default\">Yulia Toro\n<\/h2>\t\t\t\t<\/div>\n\t\t\t\t<\/div>\n\t\t\t\t<div class=\"elementor-element elementor-element-a7ae852 elementor-widget elementor-widget-heading\" data-id=\"a7ae852\" data-element_type=\"widget\" data-e-type=\"widget\" data-widget_type=\"heading.default\">\n\t\t\t\t<div class=\"elementor-widget-container\">\n\t\t\t\t\t<h2 class=\"elementor-heading-title elementor-size-default\">Administration <\/h2>\t\t\t\t<\/div>\n\t\t\t\t<\/div>\n\t\t\t\t<div class=\"elementor-element elementor-element-1fc55b5 elementor-widget elementor-widget-text-editor\" data-id=\"1fc55b5\" data-element_type=\"widget\" data-e-type=\"widget\" data-widget_type=\"text-editor.default\">\n\t\t\t\t<div class=\"elementor-widget-container\">\n\t\t\t\t\t\t\t\t\t<div class=\"col\"><div class=\"card rounded-0 shadow h-100 border-0\"><div class=\"card-body\"><p class=\"card-text\">Yulia Toro \u00e4r en administrativ yrkesperson med erfarenhet av redovisning och f\u00f6retagsledning och har en examen i Business Administration and Management. Engagerad i effektivitet inom f\u00f6retagsledning.<\/p><\/div><\/div><\/div><div class=\"col\"><div class=\"card rounded-0 shadow h-100 border-0\"><div class=\"card-body\">\u00a0<\/div><\/div><\/div>\t\t\t\t\t\t\t\t<\/div>\n\t\t\t\t<\/div>\n\t\t\t\t<div class=\"elementor-element elementor-element-1fb9bee elementor-widget elementor-widget-spacer\" data-id=\"1fb9bee\" data-element_type=\"widget\" data-e-type=\"widget\" data-widget_type=\"spacer.default\">\n\t\t\t\t<div class=\"elementor-widget-container\">\n\t\t\t\t\t\t\t<div class=\"elementor-spacer\">\n\t\t\t<div class=\"elementor-spacer-inner\"><\/div>\n\t\t<\/div>\n\t\t\t\t\t\t<\/div>\n\t\t\t\t<\/div>\n\t\t\t\t<\/div>\n\t\t\t\t<\/div>\n\t\t<div class=\"elementor-element elementor-element-82fac4d e-con-full e-flex e-con e-child\" data-id=\"82fac4d\" data-element_type=\"container\" data-e-type=\"container\">\n\t\t<div class=\"elementor-element elementor-element-325baf9 e-con-full animated-slow e-flex elementor-invisible e-con e-child\" data-id=\"325baf9\" data-element_type=\"container\" data-e-type=\"container\" data-settings=\"{&quot;background_background&quot;:&quot;classic&quot;,&quot;animation&quot;:&quot;slideInLeft&quot;}\">\n\t\t\t\t<div class=\"elementor-element elementor-element-a812a21 elementor-widget elementor-widget-image\" data-id=\"a812a21\" data-element_type=\"widget\" data-e-type=\"widget\" data-widget_type=\"image.default\">\n\t\t\t\t<div class=\"elementor-widget-container\">\n\t\t\t\t\t\t\t\t\t\t\t\t\t\t\t<img loading=\"lazy\" decoding=\"async\" width=\"2193\" height=\"2560\" src=\"https:\/\/www.m2builders.com\/wp-content\/uploads\/2025\/01\/Viviana-Garcia-scaled.jpg\" class=\"attachment-full size-full wp-image-1334\" alt=\"\" srcset=\"https:\/\/www.m2builders.com\/wp-content\/uploads\/2025\/01\/Viviana-Garcia-scaled.jpg 2193w, https:\/\/www.m2builders.com\/wp-content\/uploads\/2025\/01\/Viviana-Garcia-257x300.jpg 257w, https:\/\/www.m2builders.com\/wp-content\/uploads\/2025\/01\/Viviana-Garcia-877x1024.jpg 877w, https:\/\/www.m2builders.com\/wp-content\/uploads\/2025\/01\/Viviana-Garcia-768x897.jpg 768w, https:\/\/www.m2builders.com\/wp-content\/uploads\/2025\/01\/Viviana-Garcia-1316x1536.jpg 1316w, https:\/\/www.m2builders.com\/wp-content\/uploads\/2025\/01\/Viviana-Garcia-1754x2048.jpg 1754w\" sizes=\"(max-width: 2193px) 100vw, 2193px\" \/>\t\t\t\t\t\t\t\t\t\t\t\t\t\t\t<\/div>\n\t\t\t\t<\/div>\n\t\t\t\t<div class=\"elementor-element elementor-element-c7e7fa7 elementor-widget elementor-widget-heading\" data-id=\"c7e7fa7\" data-element_type=\"widget\" data-e-type=\"widget\" data-widget_type=\"heading.default\">\n\t\t\t\t<div class=\"elementor-widget-container\">\n\t\t\t\t\t<h2 class=\"elementor-heading-title elementor-size-default\">Viviana Garc\u00eda <\/h2>\t\t\t\t<\/div>\n\t\t\t\t<\/div>\n\t\t\t\t<div class=\"elementor-element elementor-element-25ce6e1 elementor-widget elementor-widget-heading\" data-id=\"25ce6e1\" data-element_type=\"widget\" data-e-type=\"widget\" data-widget_type=\"heading.default\">\n\t\t\t\t<div class=\"elementor-widget-container\">\n\t\t\t\t\t<h2 class=\"elementor-heading-title elementor-size-default\">Administration\n<\/h2>\t\t\t\t<\/div>\n\t\t\t\t<\/div>\n\t\t\t\t<div class=\"elementor-element elementor-element-9d32630 elementor-widget elementor-widget-text-editor\" data-id=\"9d32630\" data-element_type=\"widget\" data-e-type=\"widget\" data-widget_type=\"text-editor.default\">\n\t\t\t\t<div class=\"elementor-widget-container\">\n\t\t\t\t\t\t\t\t\t<div class=\"col\"><div class=\"card rounded-0 shadow h-100 border-0\"><div class=\"card-body\"><p class=\"card-text\">Viviana \u00e4r en administrativ assistent som specialiserar sig p\u00e5 att hantera dokument och samordna scheman. Med fokus p\u00e5 kundassistans bidrar hon till enast\u00e5ende service och till att teamet fungerar effektivt.<\/p><\/div><\/div><\/div><div class=\"col\"><div class=\"card rounded-0 shadow h-100 border-0\"><div class=\"card-body\">\u00a0<\/div><\/div><\/div>\t\t\t\t\t\t\t\t<\/div>\n\t\t\t\t<\/div>\n\t\t\t\t<div class=\"elementor-element elementor-element-a68a120 elementor-widget elementor-widget-spacer\" data-id=\"a68a120\" data-element_type=\"widget\" data-e-type=\"widget\" data-widget_type=\"spacer.default\">\n\t\t\t\t<div class=\"elementor-widget-container\">\n\t\t\t\t\t\t\t<div class=\"elementor-spacer\">\n\t\t\t<div class=\"elementor-spacer-inner\"><\/div>\n\t\t<\/div>\n\t\t\t\t\t\t<\/div>\n\t\t\t\t<\/div>\n\t\t\t\t<\/div>\n\t\t<div class=\"elementor-element elementor-element-952a722 e-con-full animated-slow e-flex elementor-invisible e-con e-child\" data-id=\"952a722\" data-element_type=\"container\" data-e-type=\"container\" data-settings=\"{&quot;background_background&quot;:&quot;classic&quot;,&quot;animation&quot;:&quot;slideInLeft&quot;}\">\n\t\t\t\t<div class=\"elementor-element elementor-element-3a7fad3 elementor-widget elementor-widget-image\" data-id=\"3a7fad3\" data-element_type=\"widget\" data-e-type=\"widget\" data-widget_type=\"image.default\">\n\t\t\t\t<div class=\"elementor-widget-container\">\n\t\t\t\t\t\t\t\t\t\t\t\t\t\t\t<img loading=\"lazy\" decoding=\"async\" width=\"150\" height=\"175\" src=\"https:\/\/www.m2builders.com\/wp-content\/uploads\/2024\/08\/Path-184-5.jpg\" class=\"attachment-full size-full wp-image-1323\" alt=\"\" \/>\t\t\t\t\t\t\t\t\t\t\t\t\t\t\t<\/div>\n\t\t\t\t<\/div>\n\t\t\t\t<div class=\"elementor-element elementor-element-3e4d088 elementor-widget elementor-widget-heading\" data-id=\"3e4d088\" data-element_type=\"widget\" data-e-type=\"widget\" data-widget_type=\"heading.default\">\n\t\t\t\t<div class=\"elementor-widget-container\">\n\t\t\t\t\t<h2 class=\"elementor-heading-title elementor-size-default\">Adriana D\u00edaz\n<\/h2>\t\t\t\t<\/div>\n\t\t\t\t<\/div>\n\t\t\t\t<div class=\"elementor-element elementor-element-ef29f9f elementor-widget elementor-widget-heading\" data-id=\"ef29f9f\" data-element_type=\"widget\" data-e-type=\"widget\" data-widget_type=\"heading.default\">\n\t\t\t\t<div class=\"elementor-widget-container\">\n\t\t\t\t\t<h2 class=\"elementor-heading-title elementor-size-default\">Marketing<\/h2>\t\t\t\t<\/div>\n\t\t\t\t<\/div>\n\t\t\t\t<div class=\"elementor-element elementor-element-31d07f3 elementor-widget elementor-widget-text-editor\" data-id=\"31d07f3\" data-element_type=\"widget\" data-e-type=\"widget\" data-widget_type=\"text-editor.default\">\n\t\t\t\t<div class=\"elementor-widget-container\">\n\t\t\t\t\t\t\t\t\t<div class=\"container our-team\"><div class=\"row row-cols-1 row-cols-xl-4 row-cols-lg-2 g-3 my-5\"><div class=\"col\"><div class=\"card rounded-0 shadow h-100 border-0\"><div class=\"card-body\"><p class=\"card-text\">Adriana \u00e4r en m\u00e5ngfacetterad grafisk designer som \u00e4r f\u00f6dd p\u00e5 Kuba och tog examen 2021. Med en bakgrund inom milj\u00f6konsultation och arkitektoniska projekt ger hon ett holistiskt syns\u00e4tt till sitt arbete. Hennes erfarenhet av marknadsf\u00f6ring, internkommunikation, reklam och sociala medier g\u00f6r att hon kan leverera konsekventa visuella ber\u00e4ttelser \u00f6ver flera plattformar.<\/p><\/div><\/div><\/div><\/div><\/div><div class=\"container-fluid bg-light my-5 py-5 clearfix ready\"><div class=\"container\"><div class=\"d-flex justify-content-evenly\">\u00a0<\/div><\/div><\/div>\t\t\t\t\t\t\t\t<\/div>\n\t\t\t\t<\/div>\n\t\t\t\t<div class=\"elementor-element elementor-element-e249177 elementor-widget elementor-widget-spacer\" data-id=\"e249177\" data-element_type=\"widget\" data-e-type=\"widget\" data-widget_type=\"spacer.default\">\n\t\t\t\t<div class=\"elementor-widget-container\">\n\t\t\t\t\t\t\t<div class=\"elementor-spacer\">\n\t\t\t<div class=\"elementor-spacer-inner\"><\/div>\n\t\t<\/div>\n\t\t\t\t\t\t<\/div>\n\t\t\t\t<\/div>\n\t\t\t\t<\/div>\n\t\t<div class=\"elementor-element elementor-element-d11e03b e-con-full animated-slow e-flex elementor-invisible e-con e-child\" data-id=\"d11e03b\" data-element_type=\"container\" data-e-type=\"container\" data-settings=\"{&quot;animation&quot;:&quot;slideInLeft&quot;}\">\n\t\t\t\t<\/div>\n\t\t<div class=\"elementor-element elementor-element-4d9681d e-con-full animated-slow e-flex elementor-invisible e-con e-child\" data-id=\"4d9681d\" data-element_type=\"container\" data-e-type=\"container\" data-settings=\"{&quot;animation&quot;:&quot;slideInLeft&quot;}\">\n\t\t\t\t<\/div>\n\t\t\t\t<\/div>\n\t\t\t\t\t<\/div>\n\t\t\t\t<\/div>\n\t\t\t\t<\/div>\n\t\t","protected":false},"excerpt":{"rendered":"<p>TR\u00c4FFA TEAMET Eddy Zajontz Chairman of the Board &amp; Owner Eddy \u00e4r dansk med tyska r\u00f6tter och flyttade till Costa del Sol 1989 d\u00e4r han har lett flera framg\u00e5ngsrika f\u00f6retag. Han \u00e4r ingenj\u00f6r till yrket och har sedan 1972 ansvarat f\u00f6r m\u00e5nga byggprojekt. Han har arbetat med fastigheter sedan 1997. Thomas With Director &amp; Owner [&hellip;]<\/p>\n","protected":false},"author":2,"featured_media":0,"parent":0,"menu_order":0,"comment_status":"closed","ping_status":"closed","template":"elementor_header_footer","meta":{"footnotes":""},"class_list":["post-1311","page","type-page","status-publish","hentry"],"_links":{"self":[{"href":"https:\/\/www.m2builders.com\/sv\/wp-json\/wp\/v2\/pages\/1311","targetHints":{"allow":["GET"]}}],"collection":[{"href":"https:\/\/www.m2builders.com\/sv\/wp-json\/wp\/v2\/pages"}],"about":[{"href":"https:\/\/www.m2builders.com\/sv\/wp-json\/wp\/v2\/types\/page"}],"author":[{"embeddable":true,"href":"https:\/\/www.m2builders.com\/sv\/wp-json\/wp\/v2\/users\/2"}],"replies":[{"embeddable":true,"href":"https:\/\/www.m2builders.com\/sv\/wp-json\/wp\/v2\/comments?post=1311"}],"version-history":[{"count":14,"href":"https:\/\/www.m2builders.com\/sv\/wp-json\/wp\/v2\/pages\/1311\/revisions"}],"predecessor-version":[{"id":1488,"href":"https:\/\/www.m2builders.com\/sv\/wp-json\/wp\/v2\/pages\/1311\/revisions\/1488"}],"wp:attachment":[{"href":"https:\/\/www.m2builders.com\/sv\/wp-json\/wp\/v2\/media?parent=1311"}],"curies":[{"name":"wp","href":"https:\/\/api.w.org\/{rel}","templated":true}]}}